{"id":45,"date":"2025-08-09T14:24:48","date_gmt":"2025-08-09T12:24:48","guid":{"rendered":"https:\/\/bbkpact.eus\/?page_id=45"},"modified":"2025-09-02T19:01:33","modified_gmt":"2025-09-02T17:01:33","slug":"politica-de-privacidad","status":"publish","type":"page","link":"https:\/\/bbkpact.eus\/es\/politica-de-privacidad\/","title":{"rendered":"Pol\u00edtica de privacidad"},"content":{"rendered":"\n<h2 class=\"wp-block-heading\"><strong>Identidad del Responsable del Fichero<\/strong><\/h2>\n\n\n\n<p>La informaci\u00f3n facilitada por la persona usuaria a trav\u00e9s de cualquiera de los formularios del SITIO WEB ser\u00e1 tratada por Bilbao Bizkaia Kutxa Fundaci\u00f3n Bancaria \u2013 Bilbao Bizkaia Kutxa Banku Fundazioa y BBK Fundazioa, como responsables del tratamiento, en adelante `la entidad\u2019, con CIF G-48412720 y G-48644371, respectivamente y domicilio en Gran V\u00ed\u00ada 19-21, 48001 Bilbao (Bizkaia).<\/p>\n\n\n\n<h2 class=\"wp-block-heading\"><strong>Finalidad del tratamiento<\/strong><\/h2>\n\n\n\n<p>Con car\u00e1cter general, la entidad tratar\u00e1 la informaci\u00f3n facilitada por la persona usuaria para las siguientes finalidades:<\/p>\n\n\n\n<ul class=\"wp-block-list\">\n<li>Realizar estudios estad\u00ed\u00adsticos que permitan dise\u00f1ar mejoras en los servicios prestados.<\/li>\n\n\n\n<li>Enviar informaci\u00f3n requerida por la persona usuaria.<\/li>\n\n\n\n<li>En su caso, gestionar la relaci\u00f3n contractual establecida entre la entidad y la persona usuaria.<\/li>\n<\/ul>\n\n\n\n<p>No obstante, en este sitio web podr\u00e1 encontrar algunos formularios de recogida de datos personales. En cada uno de esos formularios encontrar\u00e1 informaci\u00f3n espec\u00ed\u00adfica sobre el tratamiento de los datos que facilite a trav\u00e9s de los mismos.<\/p>\n\n\n\n<h2 class=\"wp-block-heading\"><strong>Destinatarios de la informaci\u00f3n<\/strong><\/h2>\n\n\n\n<p>La entidad no facilita esta informaci\u00f3n a ning\u00fan tercero, salvo que est\u00e9 obligado a ello por la legislaci\u00f3n vigente (por ejemplo, una solicitud oficial en el marco de una investigaci\u00f3n policial) o se trate de proveedores que prestan servicios a la entidad para el mantenimiento y gesti\u00f3n de este sitio web.<\/p>\n\n\n\n<h2 class=\"wp-block-heading\"><strong>Car\u00e1cter obligatorio o facultativo de la informaci\u00f3n solicitada<\/strong><\/h2>\n\n\n\n<p>Los datos obligatorios de cada formulario ser\u00e1n identificados como tales en el propio formulario.<\/p>\n\n\n\n<p>La negativa a suministrar dicha informaci\u00f3n impedir\u00e1 hacer efectivo el servicio solicitado por la persona usuaria.<\/p>\n\n\n\n<h2 class=\"wp-block-heading\"><strong>Ejercicio de derechos<\/strong><\/h2>\n\n\n\n<p>La persona usuaria podr\u00e1 revocar su consentimiento y ejercer sus derechos de acceso, rectificaci\u00f3n y supresi\u00f3n de sus datos de car\u00e1cter personal, as\u00ed\u00ad como, limitar o directamente oponerse al tratamiento o ejercer el derecho a la portabilidad de los mismos, a trav\u00e9s de un correo electr\u00f3nico a la direcci\u00f3n&nbsp;<a href=\"mailto:protecciondedatos@bbk.eus\">protecciondedatos@bbk.eus<\/a>&nbsp;o a trav\u00e9s de correo ordinario a la direcci\u00f3n indicada en el apartado `Identidad del responsable del fichero\u2019, identific\u00e1ndose como persona usuaria del Sitio Web, aportando fotocopia del DNI o documento equivalente y concretando su solicitud.<\/p>\n\n\n\n<p>Asimismo, si desea m\u00e1s informaci\u00f3n o considera vulnerado su derecho a la protecci\u00f3n de datos de car\u00e1cter personal, podr\u00e1 presentar una reclamaci\u00f3n ante la Agencia Espa\u00f1ola de Protecci\u00f3n de Datos (<a href=\"http:\/\/www.aepd.es\/\" rel=\"nofollow noopener\" target=\"_blank\">www.aepd.es<\/a>).<\/p>\n\n\n\n<h2 class=\"wp-block-heading\"><strong>Compromisos de la persona usuaria<\/strong><\/h2>\n\n\n\n<p>La persona usuaria garantiza que es mayor de 14 a\u00f1os y que la informaci\u00f3n facilitada es exacta y veraz.<\/p>\n\n\n\n<p>La persona usuaria se compromete a informar a la entidad de cualquier modificaci\u00f3n que sufra la informaci\u00f3n facilitada a trav\u00e9s de un correo electr\u00f3nico a la direcci\u00f3n&nbsp;<a href=\"mailto:protecciondedatos@bbk.eus\">protecciondedatos@bbk.eus<\/a>&nbsp;identific\u00e1ndose como persona usuaria del SITIO WEB y concretando la informaci\u00f3n que deba ser modificada.<\/p>\n\n\n\n<h2 class=\"wp-block-heading\"><strong>Datos de terceros facilitados por la persona usuaria<\/strong><\/h2>\n\n\n\n<p>En caso de que la persona usuaria facilite datos personales de terceras personas con cualquier finalidad, garantiza haber informado previamente a los afectados y haber obtenido su consentimiento para la comunicaci\u00f3n de sus datos a la entidad.<\/p>\n\n\n\n<p>La persona usuaria garantiza que los afectados son mayores de 14 a\u00f1os y que la informaci\u00f3n facilitada es exacta y veraz.<\/p>\n\n\n\n<p>En caso de que se deriven responsabilidades por un incumplimiento de estas condiciones por parte de la persona usuaria, deber\u00e1 responder de las consecuencias de dicho incumplimiento.<\/p>\n\n\n\n<h2 class=\"wp-block-heading\"><strong>Cookies y archivos de seguimiento<\/strong><\/h2>\n\n\n\n<p>La persona usuaria acepta el uso de cookies y archivos de seguimiento de direcciones IP cuyo uso permite a la entidad recoger datos a efectos estad\u00ed\u00adsticos como: fecha de la primera visita, n\u00famero de veces que se ha visitado, fecha de la \u00faltima visita, URL y dominio de la que proviene, explorador utilizado y resoluci\u00f3n de la pantalla.<\/p>\n\n\n\n<p>La persona usuaria tiene la opci\u00f3n de impedir la generaci\u00f3n de cookies, mediante la selecci\u00f3n de la correspondiente opci\u00f3n en su programa navegador. Sin embargo, la entidad no se responsabiliza de que la desactivaci\u00f3n de los mismos impida el buen funcionamiento de la p\u00e1gina.<\/p>\n\n\n\n<p>Puede obtener m\u00e1s informaci\u00f3n sobre Cookies en nuestra&nbsp;<a href=\"http:\/\/192.168.143.21\/es\/politica-de-cookies\/\" rel=\"nofollow\">POL\u00cdTICA DE COOKIES<\/a><\/p>\n\n\n\n<h2 class=\"wp-block-heading\"><strong>Medidas de seguridad<\/strong><\/h2>\n\n\n\n<p>La entidad ha adoptado las medidas de \u00ed\u00adndole t\u00e9cnica y organizativas necesarias que garanticen la seguridad de los datos de car\u00e1cter personal y eviten su alteraci\u00f3n, p\u00e9rdida, tratamiento o acceso no autorizado, habida cuenta del estado de la tecnolog\u00ed\u00ada, la naturaleza de los datos almacenados y los riesgos a que est\u00e9n expuestos, ya provengan de la acci\u00f3n humana o del medio f\u00ed\u00adsico o natural.<\/p>\n\n\n\n<p>No obstante, la persona usuaria debe ser consciente de que las medidas de seguridad en Internet no son inexpugnables.<\/p>\n\n\n\n<p>Si tiene alguna duda sobre la informaci\u00f3n que se recoge en nuestra Pol\u00ed\u00adtica de Privacidad, puede enviar un mensaje de correo electr\u00f3nico a:&nbsp;<a href=\"mailto:protecciondedatos@bbk.eus\">protecciondedatos@bbk.eus<\/a>.<\/p>\n","protected":false},"excerpt":{"rendered":"<p>Identidad del Responsable del Fichero La informaci\u00f3n facilitada por la persona usuaria a trav\u00e9s de cualquiera de los formularios del SITIO WEB ser\u00e1 tratada por Bilbao Bizkaia Kutxa Fundaci\u00f3n Bancaria \u2013 Bilbao Bizkaia Kutxa Banku Fundazioa y BBK Fundazioa, como responsables del tratamiento, en adelante `la entidad\u2019, con CIF G-48412720 y G-48644371, respectivamente y domicilio [&hellip;]<\/p>\n","protected":false},"author":1,"featured_media":0,"parent":0,"menu_order":17,"comment_status":"closed","ping_status":"closed","template":"","meta":{"_acf_changed":false,"footnotes":""},"class_list":["post-45","page","type-page","status-publish","hentry"],"acf":[],"_links":{"self":[{"href":"https:\/\/bbkpact.eus\/es\/wp-json\/wp\/v2\/pages\/45","targetHints":{"allow":["GET"]}}],"collection":[{"href":"https:\/\/bbkpact.eus\/es\/wp-json\/wp\/v2\/pages"}],"about":[{"href":"https:\/\/bbkpact.eus\/es\/wp-json\/wp\/v2\/types\/page"}],"author":[{"embeddable":true,"href":"https:\/\/bbkpact.eus\/es\/wp-json\/wp\/v2\/users\/1"}],"replies":[{"embeddable":true,"href":"https:\/\/bbkpact.eus\/es\/wp-json\/wp\/v2\/comments?post=45"}],"version-history":[{"count":6,"href":"https:\/\/bbkpact.eus\/es\/wp-json\/wp\/v2\/pages\/45\/revisions"}],"predecessor-version":[{"id":269,"href":"https:\/\/bbkpact.eus\/es\/wp-json\/wp\/v2\/pages\/45\/revisions\/269"}],"wp:attachment":[{"href":"https:\/\/bbkpact.eus\/es\/wp-json\/wp\/v2\/media?parent=45"}],"curies":[{"name":"wp","href":"https:\/\/api.w.org\/{rel}","templated":true}]}}